{"id":307,"date":"2025-02-03T00:27:43","date_gmt":"2025-02-02T23:27:43","guid":{"rendered":"https:\/\/gregoryderville.com\/?page_id=307"},"modified":"2026-08-25T09:09:32","modified_gmt":"2026-08-25T07:09:32","slug":"recoltes","status":"publish","type":"page","link":"https:\/\/gregoryderville.com\/index.php\/recoltes\/","title":{"rendered":"Jardin &amp; verger (articles)"},"content":{"rendered":"\n<p class=\"wp-block-paragraph\"><\/p>\n\n\n\n<p class=\"has-black-color has-text-color has-link-color wp-elements-1 wp-block-paragraph\">\u00ab\u00a0<em>Ce coin perdu, j\u2019en ai fait un endroit riant et civilis\u00e9. Le sais-tu ? Dans trois ou quatre cents ans, toute la terre se transformera en bois fleuri et la vie sera merveilleusement l\u00e9g\u00e8re et facile.<\/em>\u00a0\u00bb (Anton Tchekhov)<\/p>\n\n\n\n<p class=\"wp-block-paragraph\"><\/p>\n\n\n\n<figure class=\"wp-block-embed is-type-wp-embed is-provider-contenu-embarqu wp-block-embed-contenu-embarqu\"><div class=\"wp-block-embed__wrapper\">\n<blockquote class=\"wp-embedded-content\" data-secret=\"BiCFHCcsro\"><a href=\"https:\/\/gregoryderville.com\/index.php\/2026\/08\/19\/lune-des-recompenses-de-lete-au-jardin-les-melons-sont-succulents\/\">L&rsquo;une des r\u00e9compenses de l&rsquo;\u00e9t\u00e9 au jardin: les melons sont succulents<\/a><\/blockquote><iframe loading=\"lazy\" class=\"wp-embedded-content\" sandbox=\"allow-scripts\" security=\"restricted\" style=\"position: absolute; visibility: hidden;\" title=\"\u00ab\u00a0L\u2019une des r\u00e9compenses de l\u2019\u00e9t\u00e9 au jardin: les melons sont succulents\u00a0\u00bb \u2014 \" src=\"https:\/\/gregoryderville.com\/index.php\/2026\/08\/19\/lune-des-recompenses-de-lete-au-jardin-les-melons-sont-succulents\/embed\/#?secret=XST8WhiHzv#?secret=BiCFHCcsro\" data-secret=\"BiCFHCcsro\" width=\"600\" height=\"338\" frameborder=\"0\" marginwidth=\"0\" marginheight=\"0\" scrolling=\"no\"><\/iframe>\n<\/div><\/figure>\n\n\n\n<figure class=\"wp-block-embed is-type-wp-embed is-provider-contenu-embarqu wp-block-embed-contenu-embarqu\"><div class=\"wp-block-embed__wrapper\">\n<blockquote class=\"wp-embedded-content\" data-secret=\"wDE2a6yGXi\"><a href=\"https:\/\/gregoryderville.com\/index.php\/2026\/07\/18\/accalmie-sur-les-temperatures-de-leau-a-volonte-le-jardin-est-sans-doute-pour-cet-ete\/\">Accalmie sur les temp\u00e9ratures, r\u00e9serves d&rsquo;eau: le jardin est sauv\u00e9 pour cet \u00e9t\u00e9 \ud83d\ude42<\/a><\/blockquote><iframe loading=\"lazy\" class=\"wp-embedded-content\" sandbox=\"allow-scripts\" security=\"restricted\" style=\"position: absolute; visibility: hidden;\" title=\"\u00ab\u00a0Accalmie sur les temp\u00e9ratures, r\u00e9serves d\u2019eau: le jardin est sauv\u00e9 pour cet \u00e9t\u00e9 :-)\u00a0\u00bb \u2014 \" src=\"https:\/\/gregoryderville.com\/index.php\/2026\/07\/18\/accalmie-sur-les-temperatures-de-leau-a-volonte-le-jardin-est-sans-doute-pour-cet-ete\/embed\/#?secret=PO4UTOYoW2#?secret=wDE2a6yGXi\" data-secret=\"wDE2a6yGXi\" width=\"600\" height=\"338\" frameborder=\"0\" marginwidth=\"0\" marginheight=\"0\" scrolling=\"no\"><\/iframe>\n<\/div><\/figure>\n\n\n\n<figure class=\"wp-block-embed is-type-wp-embed is-provider-contenu-embarqu wp-block-embed-contenu-embarqu\"><div class=\"wp-block-embed__wrapper\">\n<blockquote class=\"wp-embedded-content\" data-secret=\"UvaFS58T7X\"><a href=\"https:\/\/gregoryderville.com\/index.php\/2026\/07\/08\/paillage-et-arrosage-en-periode-de-secheresse\/\">Paillage et arrosage en p\u00e9riode de s\u00e9cheresse&#8230;<\/a><\/blockquote><iframe loading=\"lazy\" class=\"wp-embedded-content\" sandbox=\"allow-scripts\" security=\"restricted\" style=\"position: absolute; visibility: hidden;\" title=\"\u00ab\u00a0Paillage et arrosage en p\u00e9riode de s\u00e9cheresse\u2026\u00a0\u00bb \u2014 \" src=\"https:\/\/gregoryderville.com\/index.php\/2026\/07\/08\/paillage-et-arrosage-en-periode-de-secheresse\/embed\/#?secret=pfCYSBsgfH#?secret=UvaFS58T7X\" data-secret=\"UvaFS58T7X\" width=\"600\" height=\"338\" frameborder=\"0\" marginwidth=\"0\" marginheight=\"0\" scrolling=\"no\"><\/iframe>\n<\/div><\/figure>\n\n\n\n<figure class=\"wp-block-embed is-type-wp-embed is-provider-contenu-embarqu wp-block-embed-contenu-embarqu\"><div class=\"wp-block-embed__wrapper\">\n<blockquote class=\"wp-embedded-content\" data-secret=\"XoL33K3PUV\"><a href=\"https:\/\/gregoryderville.com\/index.php\/2026\/06\/01\/le-cerisier-hedelfingen-petit-mais-vaillant\/\">Le cerisier Hedelfingen, petit mais vaillant!<\/a><\/blockquote><iframe loading=\"lazy\" class=\"wp-embedded-content\" sandbox=\"allow-scripts\" security=\"restricted\" style=\"position: absolute; visibility: hidden;\" title=\"\u00ab\u00a0Le cerisier Hedelfingen, petit mais vaillant!\u00a0\u00bb \u2014 \" src=\"https:\/\/gregoryderville.com\/index.php\/2026\/06\/01\/le-cerisier-hedelfingen-petit-mais-vaillant\/embed\/#?secret=QQcjMPHR5K#?secret=XoL33K3PUV\" data-secret=\"XoL33K3PUV\" width=\"600\" height=\"338\" frameborder=\"0\" marginwidth=\"0\" marginheight=\"0\" scrolling=\"no\"><\/iframe>\n<\/div><\/figure>\n\n\n\n<figure class=\"wp-block-embed is-type-wp-embed is-provider-contenu-embarqu wp-block-embed-contenu-embarqu\"><div class=\"wp-block-embed__wrapper\">\n<blockquote class=\"wp-embedded-content\" data-secret=\"WKrODaQXbt\"><a href=\"https:\/\/gregoryderville.com\/index.php\/2026\/06\/15\/premiere-vraie-recolte-de-myrtilles-cette-annee\/\">Premi\u00e8re vraie r\u00e9colte de myrtilles cette ann\u00e9e<\/a><\/blockquote><iframe loading=\"lazy\" class=\"wp-embedded-content\" sandbox=\"allow-scripts\" security=\"restricted\" style=\"position: absolute; visibility: hidden;\" title=\"\u00ab\u00a0Premi\u00e8re vraie r\u00e9colte de myrtilles cette ann\u00e9e\u00a0\u00bb \u2014 \" src=\"https:\/\/gregoryderville.com\/index.php\/2026\/06\/15\/premiere-vraie-recolte-de-myrtilles-cette-annee\/embed\/#?secret=MSaSs1apvL#?secret=WKrODaQXbt\" data-secret=\"WKrODaQXbt\" width=\"600\" height=\"338\" frameborder=\"0\" marginwidth=\"0\" marginheight=\"0\" scrolling=\"no\"><\/iframe>\n<\/div><\/figure>\n\n\n\n<figure class=\"wp-block-embed is-type-wp-embed is-provider-contenu-embarqu wp-block-embed-contenu-embarqu\"><div class=\"wp-block-embed__wrapper\">\n<blockquote class=\"wp-embedded-content\" data-secret=\"xWeKQN04kc\"><a href=\"https:\/\/gregoryderville.com\/index.php\/2026\/06\/06\/lamelanche\/\">L&rsquo;am\u00e9lanche, une baie \u00e0 d\u00e9couvrir<\/a><\/blockquote><iframe loading=\"lazy\" class=\"wp-embedded-content\" sandbox=\"allow-scripts\" security=\"restricted\" style=\"position: absolute; visibility: hidden;\" title=\"\u00ab\u00a0L\u2019am\u00e9lanche, une baie \u00e0 d\u00e9couvrir\u00a0\u00bb \u2014 \" src=\"https:\/\/gregoryderville.com\/index.php\/2026\/06\/06\/lamelanche\/embed\/#?secret=dqrPNksjgl#?secret=xWeKQN04kc\" data-secret=\"xWeKQN04kc\" width=\"600\" height=\"338\" frameborder=\"0\" marginwidth=\"0\" marginheight=\"0\" scrolling=\"no\"><\/iframe>\n<\/div><\/figure>\n\n\n\n<p class=\"wp-block-paragraph\"><\/p>\n\n\n\n<figure class=\"wp-block-embed is-type-wp-embed is-provider-contenu-embarqu wp-block-embed-contenu-embarqu\"><div class=\"wp-block-embed__wrapper\">\n<blockquote class=\"wp-embedded-content\" data-secret=\"ZQxKgK6Ur0\"><a href=\"https:\/\/gregoryderville.com\/index.php\/2026\/04\/26\/le-camerisier-un-arbuste-fruitier-a-adopter-absolument\/\">Le cam\u00e9risier, un arbuste fruitier \u00e0 adopter absolument!!!<\/a><\/blockquote><iframe loading=\"lazy\" class=\"wp-embedded-content\" sandbox=\"allow-scripts\" security=\"restricted\" style=\"position: absolute; visibility: hidden;\" title=\"\u00ab\u00a0Le cam\u00e9risier, un arbuste fruitier \u00e0 adopter absolument!!!\u00a0\u00bb \u2014 \" src=\"https:\/\/gregoryderville.com\/index.php\/2026\/04\/26\/le-camerisier-un-arbuste-fruitier-a-adopter-absolument\/embed\/#?secret=Hz4xQiFjrq#?secret=ZQxKgK6Ur0\" data-secret=\"ZQxKgK6Ur0\" width=\"600\" height=\"338\" frameborder=\"0\" marginwidth=\"0\" marginheight=\"0\" scrolling=\"no\"><\/iframe>\n<\/div><\/figure>\n\n\n\n<p class=\"wp-block-paragraph\"><\/p>\n\n\n\n<figure class=\"wp-block-embed is-type-wp-embed is-provider-contenu-embarqu wp-block-embed-contenu-embarqu\"><div class=\"wp-block-embed__wrapper\">\n<blockquote class=\"wp-embedded-content\" data-secret=\"6YsT0Z0pG4\"><a href=\"https:\/\/gregoryderville.com\/index.php\/2026\/04\/20\/2019-2026-avant-apres-la-transformation-du-paysage-depuis-la-terrasse\/\">2019-2026, avant \/ apr\u00e8s: la transformation du paysage depuis la terrasse<\/a><\/blockquote><iframe loading=\"lazy\" class=\"wp-embedded-content\" sandbox=\"allow-scripts\" security=\"restricted\" style=\"position: absolute; visibility: hidden;\" title=\"\u00ab\u00a02019-2026, avant \/ apr\u00e8s: la transformation du paysage depuis la terrasse\u00a0\u00bb \u2014 \" src=\"https:\/\/gregoryderville.com\/index.php\/2026\/04\/20\/2019-2026-avant-apres-la-transformation-du-paysage-depuis-la-terrasse\/embed\/#?secret=3TREoI5Phn#?secret=6YsT0Z0pG4\" data-secret=\"6YsT0Z0pG4\" width=\"600\" height=\"338\" frameborder=\"0\" marginwidth=\"0\" marginheight=\"0\" scrolling=\"no\"><\/iframe>\n<\/div><\/figure>\n\n\n\n<p class=\"wp-block-paragraph\"><\/p>\n\n\n\n<figure class=\"wp-block-embed is-type-wp-embed is-provider-contenu-embarqu wp-block-embed-contenu-embarqu\"><div class=\"wp-block-embed__wrapper\">\n<blockquote class=\"wp-embedded-content\" data-secret=\"8vEM3LzSRe\"><a href=\"https:\/\/gregoryderville.com\/index.php\/2026\/02\/23\/frites-au-four-maison\/\">Frites au four maison<\/a><\/blockquote><iframe loading=\"lazy\" class=\"wp-embedded-content\" sandbox=\"allow-scripts\" security=\"restricted\" style=\"position: absolute; visibility: hidden;\" title=\"\u00ab\u00a0Frites au four maison\u00a0\u00bb \u2014 \" src=\"https:\/\/gregoryderville.com\/index.php\/2026\/02\/23\/frites-au-four-maison\/embed\/#?secret=uahzpJwPXZ#?secret=8vEM3LzSRe\" data-secret=\"8vEM3LzSRe\" width=\"600\" height=\"338\" frameborder=\"0\" marginwidth=\"0\" marginheight=\"0\" scrolling=\"no\"><\/iframe>\n<\/div><\/figure>\n\n\n\n<figure class=\"wp-block-embed is-type-wp-embed is-provider-contenu-embarqu wp-block-embed-contenu-embarqu\"><div class=\"wp-block-embed__wrapper\">\n<blockquote class=\"wp-embedded-content\" data-secret=\"nRqtGc8wCA\"><a href=\"https:\/\/gregoryderville.com\/index.php\/2025\/12\/07\/le-radis-daikon-mon-legume-dautomne-prefere\/\">Le radis Daikon, mon l\u00e9gume d&rsquo;automne pr\u00e9f\u00e9r\u00e9<\/a><\/blockquote><iframe loading=\"lazy\" class=\"wp-embedded-content\" sandbox=\"allow-scripts\" security=\"restricted\" style=\"position: absolute; visibility: hidden;\" title=\"\u00ab\u00a0Le radis Daikon, mon l\u00e9gume d\u2019automne pr\u00e9f\u00e9r\u00e9\u00a0\u00bb \u2014 \" src=\"https:\/\/gregoryderville.com\/index.php\/2025\/12\/07\/le-radis-daikon-mon-legume-dautomne-prefere\/embed\/#?secret=L1D8BfiIVH#?secret=nRqtGc8wCA\" data-secret=\"nRqtGc8wCA\" width=\"600\" height=\"338\" frameborder=\"0\" marginwidth=\"0\" marginheight=\"0\" scrolling=\"no\"><\/iframe>\n<\/div><\/figure>\n\n\n\n<figure class=\"wp-block-embed is-type-wp-embed is-provider-contenu-embarqu wp-block-embed-contenu-embarqu\"><div class=\"wp-block-embed__wrapper\">\n<blockquote class=\"wp-embedded-content\" data-secret=\"FBZmjRRAKn\"><a href=\"https:\/\/gregoryderville.com\/index.php\/2025\/12\/14\/le-feijoa-fleurs-magnifiques-et-fruits-acidules\/\">Le feijoa, fleurs magnifiques et fruits acidul\u00e9s<\/a><\/blockquote><iframe loading=\"lazy\" class=\"wp-embedded-content\" sandbox=\"allow-scripts\" security=\"restricted\" style=\"position: absolute; visibility: hidden;\" title=\"\u00ab\u00a0Le feijoa, fleurs magnifiques et fruits acidul\u00e9s\u00a0\u00bb \u2014 \" src=\"https:\/\/gregoryderville.com\/index.php\/2025\/12\/14\/le-feijoa-fleurs-magnifiques-et-fruits-acidules\/embed\/#?secret=BVS38yciKT#?secret=FBZmjRRAKn\" data-secret=\"FBZmjRRAKn\" width=\"600\" height=\"338\" frameborder=\"0\" marginwidth=\"0\" marginheight=\"0\" scrolling=\"no\"><\/iframe>\n<\/div><\/figure>\n\n\n\n<figure class=\"wp-block-embed is-type-wp-embed is-provider-contenu-embarqu wp-block-embed-contenu-embarqu\"><div class=\"wp-block-embed__wrapper\">\nhttps:\/\/gregoryderville.com\/index.php\/2025\/10\/16\/la-recolte-de-chataignes-la-deuxieme-bonne-surprise-de-lautomne-2022\n<\/div><\/figure>\n\n\n\n<figure class=\"wp-block-embed is-type-wp-embed is-provider-contenu-embarqu wp-block-embed-contenu-embarqu\"><div class=\"wp-block-embed__wrapper\">\n<blockquote class=\"wp-embedded-content\" data-secret=\"jEULi4uC0D\"><a href=\"https:\/\/gregoryderville.com\/index.php\/2025\/10\/11\/12616\/\">50 kilos de noix sur le vieux noyer&#8230; et une premi\u00e8re vraie r\u00e9colte sur les deux que j&rsquo;ai plant\u00e9s \ud83d\ude0e<\/a><\/blockquote><iframe loading=\"lazy\" class=\"wp-embedded-content\" sandbox=\"allow-scripts\" security=\"restricted\" style=\"position: absolute; visibility: hidden;\" title=\"\u00ab\u00a050 kilos de noix sur le vieux noyer\u2026 et une premi\u00e8re vraie r\u00e9colte sur les deux que j\u2019ai plant\u00e9s \ud83d\ude0e\u00a0\u00bb \u2014 \" src=\"https:\/\/gregoryderville.com\/index.php\/2025\/10\/11\/12616\/embed\/#?secret=v59Y5u8VF6#?secret=jEULi4uC0D\" data-secret=\"jEULi4uC0D\" width=\"600\" height=\"338\" frameborder=\"0\" marginwidth=\"0\" marginheight=\"0\" scrolling=\"no\"><\/iframe>\n<\/div><\/figure>\n\n\n\n<p class=\"wp-block-paragraph\"><\/p>\n\n\n\n<figure class=\"wp-block-embed is-type-wp-embed is-provider-contenu-embarqu wp-block-embed-contenu-embarqu\"><div class=\"wp-block-embed__wrapper\">\n<blockquote class=\"wp-embedded-content\" data-secret=\"y4vKcRyklN\"><a href=\"https:\/\/gregoryderville.com\/index.php\/2025\/09\/25\/recolte-de-pommes-de-terre-2025-pas-terrible-pas-terrible\/\">R\u00e9colte de pommes de terre 2025: pas terrible, pas terrible&#8230;<\/a><\/blockquote><iframe loading=\"lazy\" class=\"wp-embedded-content\" sandbox=\"allow-scripts\" security=\"restricted\" style=\"position: absolute; visibility: hidden;\" title=\"\u00ab\u00a0R\u00e9colte de pommes de terre 2025: pas terrible, pas terrible\u2026\u00a0\u00bb \u2014 \" src=\"https:\/\/gregoryderville.com\/index.php\/2025\/09\/25\/recolte-de-pommes-de-terre-2025-pas-terrible-pas-terrible\/embed\/#?secret=o58YBOSdVf#?secret=y4vKcRyklN\" data-secret=\"y4vKcRyklN\" width=\"600\" height=\"338\" frameborder=\"0\" marginwidth=\"0\" marginheight=\"0\" scrolling=\"no\"><\/iframe>\n<\/div><\/figure>\n\n\n\n<p class=\"wp-block-paragraph\"><\/p>\n\n\n\n<figure class=\"wp-block-embed is-type-wp-embed is-provider-contenu-embarqu wp-block-embed-contenu-embarqu\"><div class=\"wp-block-embed__wrapper\">\n<blockquote class=\"wp-embedded-content\" data-secret=\"jJfMEdeSu9\"><a href=\"https:\/\/gregoryderville.com\/index.php\/2025\/09\/23\/premieres-vraies-vendanges-presque-9-kilos-de-raisin-isabelle-sur-un-seul-pied\/\">Premi\u00e8res vraies vendanges: presque 9 kilos de raisin Isabelle sur un seul pied<\/a><\/blockquote><iframe loading=\"lazy\" class=\"wp-embedded-content\" sandbox=\"allow-scripts\" security=\"restricted\" style=\"position: absolute; visibility: hidden;\" title=\"\u00ab\u00a0Premi\u00e8res vraies vendanges: presque 9 kilos de raisin Isabelle sur un seul pied\u00a0\u00bb \u2014 \" src=\"https:\/\/gregoryderville.com\/index.php\/2025\/09\/23\/premieres-vraies-vendanges-presque-9-kilos-de-raisin-isabelle-sur-un-seul-pied\/embed\/#?secret=9crH4qPJGk#?secret=jJfMEdeSu9\" data-secret=\"jJfMEdeSu9\" width=\"600\" height=\"338\" frameborder=\"0\" marginwidth=\"0\" marginheight=\"0\" scrolling=\"no\"><\/iframe>\n<\/div><\/figure>\n\n\n\n<p class=\"wp-block-paragraph\"><\/p>\n\n\n\n<figure class=\"wp-block-embed is-type-wp-embed is-provider-contenu-embarqu wp-block-embed-contenu-embarqu\"><div class=\"wp-block-embed__wrapper\">\n<blockquote class=\"wp-embedded-content\" data-secret=\"abVcNxV8LK\"><a href=\"https:\/\/gregoryderville.com\/index.php\/2025\/08\/28\/un-jus-de-raisin-maison-cest-autre-chose\/\">Un jus de raisin maison, c&rsquo;est autre chose!<\/a><\/blockquote><iframe loading=\"lazy\" class=\"wp-embedded-content\" sandbox=\"allow-scripts\" security=\"restricted\" style=\"position: absolute; visibility: hidden;\" title=\"\u00ab\u00a0Un jus de raisin maison, c\u2019est autre chose!\u00a0\u00bb \u2014 \" src=\"https:\/\/gregoryderville.com\/index.php\/2025\/08\/28\/un-jus-de-raisin-maison-cest-autre-chose\/embed\/#?secret=HDkHhv3Acb#?secret=abVcNxV8LK\" data-secret=\"abVcNxV8LK\" width=\"600\" height=\"338\" frameborder=\"0\" marginwidth=\"0\" marginheight=\"0\" scrolling=\"no\"><\/iframe>\n<\/div><\/figure>\n\n\n\n<p class=\"wp-block-paragraph\"><\/p>\n\n\n\n<figure class=\"wp-block-embed is-type-wp-embed is-provider-contenu-embarqu wp-block-embed-contenu-embarqu\"><div class=\"wp-block-embed__wrapper\">\n<blockquote class=\"wp-embedded-content\" data-secret=\"uEQ9g91WZo\"><a href=\"https:\/\/gregoryderville.com\/index.php\/2025\/08\/22\/huile-aromatisee-au-basilic\/\">Huile aromatis\u00e9e au basilic<\/a><\/blockquote><iframe loading=\"lazy\" class=\"wp-embedded-content\" sandbox=\"allow-scripts\" security=\"restricted\" style=\"position: absolute; visibility: hidden;\" title=\"\u00ab\u00a0Huile aromatis\u00e9e au basilic\u00a0\u00bb \u2014 \" src=\"https:\/\/gregoryderville.com\/index.php\/2025\/08\/22\/huile-aromatisee-au-basilic\/embed\/#?secret=4hkiz3Rcim#?secret=uEQ9g91WZo\" data-secret=\"uEQ9g91WZo\" width=\"600\" height=\"338\" frameborder=\"0\" marginwidth=\"0\" marginheight=\"0\" scrolling=\"no\"><\/iframe>\n<\/div><\/figure>\n\n\n\n<p class=\"wp-block-paragraph\"><\/p>\n\n\n\n<figure class=\"wp-block-embed is-type-wp-embed is-provider-contenu-embarqu wp-block-embed-contenu-embarqu\"><div class=\"wp-block-embed__wrapper\">\n<blockquote class=\"wp-embedded-content\" data-secret=\"rw1RsK6BEI\"><a href=\"https:\/\/gregoryderville.com\/index.php\/2025\/07\/05\/un-abricotier-de-pologne-en-limousin-mais-que-fait-retailleau\/\">Un abricotier de Pologne en Limousin: mais que fait Retailleau?<\/a><\/blockquote><iframe loading=\"lazy\" class=\"wp-embedded-content\" sandbox=\"allow-scripts\" security=\"restricted\" style=\"position: absolute; visibility: hidden;\" title=\"\u00ab\u00a0Un abricotier de Pologne en Limousin: mais que fait Retailleau?\u00a0\u00bb \u2014 \" src=\"https:\/\/gregoryderville.com\/index.php\/2025\/07\/05\/un-abricotier-de-pologne-en-limousin-mais-que-fait-retailleau\/embed\/#?secret=qA8JYDgBKL#?secret=rw1RsK6BEI\" data-secret=\"rw1RsK6BEI\" width=\"600\" height=\"338\" frameborder=\"0\" marginwidth=\"0\" marginheight=\"0\" scrolling=\"no\"><\/iframe>\n<\/div><\/figure>\n\n\n\n<p class=\"wp-block-paragraph\"><\/p>\n\n\n\n<figure class=\"wp-block-embed is-type-wp-embed is-provider-contenu-embarqu wp-block-embed-contenu-embarqu\"><div class=\"wp-block-embed__wrapper\">\n<blockquote class=\"wp-embedded-content\" data-secret=\"3PoIlDa6DH\"><a href=\"https:\/\/gregoryderville.com\/index.php\/2025\/05\/19\/9944\/\">Paillage ou pas paillage\u00a0? Travail du sol ou pas travail du sol\u00a0?<\/a><\/blockquote><iframe loading=\"lazy\" class=\"wp-embedded-content\" sandbox=\"allow-scripts\" security=\"restricted\" style=\"position: absolute; visibility: hidden;\" title=\"\u00ab\u00a0Paillage ou pas paillage\u00a0? Travail du sol ou pas travail du sol\u00a0?\u00a0\u00bb \u2014 \" src=\"https:\/\/gregoryderville.com\/index.php\/2025\/05\/19\/9944\/embed\/#?secret=fobbZ385Bo#?secret=3PoIlDa6DH\" data-secret=\"3PoIlDa6DH\" width=\"600\" height=\"338\" frameborder=\"0\" marginwidth=\"0\" marginheight=\"0\" scrolling=\"no\"><\/iframe>\n<\/div><\/figure>\n\n\n\n<p class=\"wp-block-paragraph\"><\/p>\n\n\n\n<figure class=\"wp-block-embed is-type-wp-embed is-provider-contenu-embarqu wp-block-embed-contenu-embarqu\"><div class=\"wp-block-embed__wrapper\">\n<blockquote class=\"wp-embedded-content\" data-secret=\"rcjRn6rOIP\"><a href=\"https:\/\/gregoryderville.com\/index.php\/2025\/05\/04\/deux-heures-de-rempotages-de-semis-ce-matin\/\">Deux heures de rempotage de semis ce matin<\/a><\/blockquote><iframe loading=\"lazy\" class=\"wp-embedded-content\" sandbox=\"allow-scripts\" security=\"restricted\" style=\"position: absolute; visibility: hidden;\" title=\"\u00ab\u00a0Deux heures de rempotage de semis ce matin\u00a0\u00bb \u2014 \" src=\"https:\/\/gregoryderville.com\/index.php\/2025\/05\/04\/deux-heures-de-rempotages-de-semis-ce-matin\/embed\/#?secret=SO4oDelWZ9#?secret=rcjRn6rOIP\" data-secret=\"rcjRn6rOIP\" width=\"600\" height=\"338\" frameborder=\"0\" marginwidth=\"0\" marginheight=\"0\" scrolling=\"no\"><\/iframe>\n<\/div><\/figure>\n\n\n\n<p class=\"wp-block-paragraph\"><\/p>\n\n\n\n<figure class=\"wp-block-embed is-type-wp-embed is-provider-contenu-embarqu wp-block-embed-contenu-embarqu\"><div class=\"wp-block-embed__wrapper\">\n<blockquote class=\"wp-embedded-content\" data-secret=\"cJSVE7S0dc\"><a href=\"https:\/\/gregoryderville.com\/index.php\/2025\/01\/05\/travaux-dhiver-au-jardin\/\">Travaux d&rsquo;hiver au jardin<\/a><\/blockquote><iframe loading=\"lazy\" class=\"wp-embedded-content\" sandbox=\"allow-scripts\" security=\"restricted\" style=\"position: absolute; visibility: hidden;\" title=\"\u00ab\u00a0Travaux d\u2019hiver au jardin\u00a0\u00bb \u2014 \" src=\"https:\/\/gregoryderville.com\/index.php\/2025\/01\/05\/travaux-dhiver-au-jardin\/embed\/#?secret=5uPh1HMw0E#?secret=cJSVE7S0dc\" data-secret=\"cJSVE7S0dc\" width=\"600\" height=\"338\" frameborder=\"0\" marginwidth=\"0\" marginheight=\"0\" scrolling=\"no\"><\/iframe>\n<\/div><\/figure>\n\n\n\n<p class=\"wp-block-paragraph\"><\/p>\n\n\n\n<figure class=\"wp-block-embed is-type-wp-embed is-provider-contenu-embarqu wp-block-embed-contenu-embarqu\"><div class=\"wp-block-embed__wrapper\">\n<blockquote class=\"wp-embedded-content\" data-secret=\"eAdHaKEJsw\"><a href=\"https:\/\/gregoryderville.com\/index.php\/2024\/11\/13\/la-mache-tapisse-le-sol-du-potager\/\">La m\u00e2che tapisse le sol du potager<\/a><\/blockquote><iframe loading=\"lazy\" class=\"wp-embedded-content\" sandbox=\"allow-scripts\" security=\"restricted\" style=\"position: absolute; visibility: hidden;\" title=\"\u00ab\u00a0La m\u00e2che tapisse le sol du potager\u00a0\u00bb \u2014 \" src=\"https:\/\/gregoryderville.com\/index.php\/2024\/11\/13\/la-mache-tapisse-le-sol-du-potager\/embed\/#?secret=dRIPTmuzI5#?secret=eAdHaKEJsw\" data-secret=\"eAdHaKEJsw\" width=\"600\" height=\"338\" frameborder=\"0\" marginwidth=\"0\" marginheight=\"0\" scrolling=\"no\"><\/iframe>\n<\/div><\/figure>\n\n\n\n<p class=\"wp-block-paragraph\"><\/p>\n\n\n\n<figure class=\"wp-block-embed is-type-wp-embed is-provider-contenu-embarqu wp-block-embed-contenu-embarqu\"><div class=\"wp-block-embed__wrapper\">\n<blockquote class=\"wp-embedded-content\" data-secret=\"40N2kmLFkt\"><a href=\"https:\/\/gregoryderville.com\/index.php\/2024\/09\/03\/pommes-de-terre-recolte-2024-tres-decevante-mais-beaucoup-denseignements-pour-la-suite\/\">Pommes de terre: r\u00e9colte 2024 tr\u00e8s d\u00e9cevante, mais beaucoup d&rsquo;enseignements pour la suite<\/a><\/blockquote><iframe loading=\"lazy\" class=\"wp-embedded-content\" sandbox=\"allow-scripts\" security=\"restricted\" style=\"position: absolute; visibility: hidden;\" title=\"\u00ab\u00a0Pommes de terre: r\u00e9colte 2024 tr\u00e8s d\u00e9cevante, mais beaucoup d\u2019enseignements pour la suite\u00a0\u00bb \u2014 \" src=\"https:\/\/gregoryderville.com\/index.php\/2024\/09\/03\/pommes-de-terre-recolte-2024-tres-decevante-mais-beaucoup-denseignements-pour-la-suite\/embed\/#?secret=x6VC8CdcNZ#?secret=40N2kmLFkt\" data-secret=\"40N2kmLFkt\" width=\"600\" height=\"338\" frameborder=\"0\" marginwidth=\"0\" marginheight=\"0\" scrolling=\"no\"><\/iframe>\n<\/div><\/figure>\n\n\n\n<p class=\"wp-block-paragraph\"><\/p>\n\n\n\n<figure class=\"wp-block-embed is-type-wp-embed is-provider-contenu-embarqu wp-block-embed-contenu-embarqu\"><div class=\"wp-block-embed__wrapper\">\n<blockquote class=\"wp-embedded-content\" data-secret=\"S5WJU9kgR7\"><a href=\"https:\/\/gregoryderville.com\/index.php\/2024\/08\/19\/haricots-verts\/\">Haricots verts<\/a><\/blockquote><iframe loading=\"lazy\" class=\"wp-embedded-content\" sandbox=\"allow-scripts\" security=\"restricted\" style=\"position: absolute; visibility: hidden;\" title=\"\u00ab\u00a0Haricots verts\u00a0\u00bb \u2014 \" src=\"https:\/\/gregoryderville.com\/index.php\/2024\/08\/19\/haricots-verts\/embed\/#?secret=6oHThKshVe#?secret=S5WJU9kgR7\" data-secret=\"S5WJU9kgR7\" width=\"600\" height=\"338\" frameborder=\"0\" marginwidth=\"0\" marginheight=\"0\" scrolling=\"no\"><\/iframe>\n<\/div><\/figure>\n\n\n\n<figure class=\"wp-block-embed is-type-wp-embed is-provider-contenu-embarqu wp-block-embed-contenu-embarqu\"><div class=\"wp-block-embed__wrapper\">\n<blockquote class=\"wp-embedded-content\" data-secret=\"kap0OKk8fT\"><a href=\"https:\/\/gregoryderville.com\/index.php\/2023\/10\/05\/12445\/\">Un repas presque \u00e0 100% issu du jardin \ud83d\ude0b<\/a><\/blockquote><iframe loading=\"lazy\" class=\"wp-embedded-content\" sandbox=\"allow-scripts\" security=\"restricted\" style=\"position: absolute; visibility: hidden;\" title=\"\u00ab\u00a0Un repas presque \u00e0 100% issu du jardin \ud83d\ude0b\u00a0\u00bb \u2014 \" src=\"https:\/\/gregoryderville.com\/index.php\/2023\/10\/05\/12445\/embed\/#?secret=Zug91IRjoR#?secret=kap0OKk8fT\" data-secret=\"kap0OKk8fT\" width=\"600\" height=\"338\" frameborder=\"0\" marginwidth=\"0\" marginheight=\"0\" scrolling=\"no\"><\/iframe>\n<\/div><\/figure>\n\n\n\n<figure class=\"wp-block-embed is-type-wp-embed is-provider-contenu-embarqu wp-block-embed-contenu-embarqu\"><div class=\"wp-block-embed__wrapper\">\n<blockquote class=\"wp-embedded-content\" data-secret=\"F5fwFMfqQ1\"><a href=\"https:\/\/gregoryderville.com\/index.php\/2023\/09\/24\/profusion-de-courges-longue-de-nice-cette-annee\/\">Profusion de courges longue de Nice cette ann\u00e9e<\/a><\/blockquote><iframe loading=\"lazy\" class=\"wp-embedded-content\" sandbox=\"allow-scripts\" security=\"restricted\" style=\"position: absolute; visibility: hidden;\" title=\"\u00ab\u00a0Profusion de courges longue de Nice cette ann\u00e9e\u00a0\u00bb \u2014 \" src=\"https:\/\/gregoryderville.com\/index.php\/2023\/09\/24\/profusion-de-courges-longue-de-nice-cette-annee\/embed\/#?secret=0AVXdcEq1Z#?secret=F5fwFMfqQ1\" data-secret=\"F5fwFMfqQ1\" width=\"600\" height=\"338\" frameborder=\"0\" marginwidth=\"0\" marginheight=\"0\" scrolling=\"no\"><\/iframe>\n<\/div><\/figure>\n\n\n\n<p class=\"wp-block-paragraph\"><\/p>\n\n\n\n<figure class=\"wp-block-embed is-type-wp-embed is-provider-contenu-embarqu wp-block-embed-contenu-embarqu\"><div class=\"wp-block-embed__wrapper\">\n<blockquote class=\"wp-embedded-content\" data-secret=\"KLBlg7rVhm\"><a href=\"https:\/\/gregoryderville.com\/index.php\/2023\/09\/22\/12-kilos-de-tomates-a-mettre-en-bocaux-rien-que-pour-aujourdhui\/\">12 kilos de tomates \u00e0 mettre en bocaux, rien que pour aujourd&rsquo;hui!<\/a><\/blockquote><iframe loading=\"lazy\" class=\"wp-embedded-content\" sandbox=\"allow-scripts\" security=\"restricted\" style=\"position: absolute; visibility: hidden;\" title=\"\u00ab\u00a012 kilos de tomates \u00e0 mettre en bocaux, rien que pour aujourd\u2019hui!\u00a0\u00bb \u2014 \" src=\"https:\/\/gregoryderville.com\/index.php\/2023\/09\/22\/12-kilos-de-tomates-a-mettre-en-bocaux-rien-que-pour-aujourdhui\/embed\/#?secret=m7zbLZNtNZ#?secret=KLBlg7rVhm\" data-secret=\"KLBlg7rVhm\" width=\"600\" height=\"338\" frameborder=\"0\" marginwidth=\"0\" marginheight=\"0\" scrolling=\"no\"><\/iframe>\n<\/div><\/figure>\n\n\n\n<p class=\"wp-block-paragraph\"><\/p>\n\n\n\n<figure class=\"wp-block-embed is-type-wp-embed is-provider-contenu-embarqu wp-block-embed-contenu-embarqu\"><div class=\"wp-block-embed__wrapper\">\n<blockquote class=\"wp-embedded-content\" data-secret=\"FPMKfsN2tO\"><a href=\"https:\/\/gregoryderville.com\/index.php\/2023\/08\/30\/pommes-de-terre-recolte-2023-bonne-en-quantite-mais-fragile-en-qualite\/\">Pommes de terre: r\u00e9colte 2023 bonne en quantit\u00e9, mais fragile en qualit\u00e9<\/a><\/blockquote><iframe loading=\"lazy\" class=\"wp-embedded-content\" sandbox=\"allow-scripts\" security=\"restricted\" style=\"position: absolute; visibility: hidden;\" title=\"\u00ab\u00a0Pommes de terre: r\u00e9colte 2023 bonne en quantit\u00e9, mais fragile en qualit\u00e9\u00a0\u00bb \u2014 \" src=\"https:\/\/gregoryderville.com\/index.php\/2023\/08\/30\/pommes-de-terre-recolte-2023-bonne-en-quantite-mais-fragile-en-qualite\/embed\/#?secret=5kYk7ctpMk#?secret=FPMKfsN2tO\" data-secret=\"FPMKfsN2tO\" width=\"600\" height=\"338\" frameborder=\"0\" marginwidth=\"0\" marginheight=\"0\" scrolling=\"no\"><\/iframe>\n<\/div><\/figure>\n\n\n\n<p class=\"wp-block-paragraph\"><\/p>\n\n\n\n<figure class=\"wp-block-embed is-type-wp-embed is-provider-contenu-embarqu wp-block-embed-contenu-embarqu\"><div class=\"wp-block-embed__wrapper\">\n<blockquote class=\"wp-embedded-content\" data-secret=\"ocnxpCqX25\"><a href=\"https:\/\/gregoryderville.com\/index.php\/2023\/08\/21\/la-pasteque-sugar-baby-porte-bien-son-nom\/\">La past\u00e8que Sugar baby porte bien son nom!<\/a><\/blockquote><iframe loading=\"lazy\" class=\"wp-embedded-content\" sandbox=\"allow-scripts\" security=\"restricted\" style=\"position: absolute; visibility: hidden;\" title=\"\u00ab\u00a0La past\u00e8que Sugar baby porte bien son nom!\u00a0\u00bb \u2014 \" src=\"https:\/\/gregoryderville.com\/index.php\/2023\/08\/21\/la-pasteque-sugar-baby-porte-bien-son-nom\/embed\/#?secret=CDhwGYCQfq#?secret=ocnxpCqX25\" data-secret=\"ocnxpCqX25\" width=\"600\" height=\"338\" frameborder=\"0\" marginwidth=\"0\" marginheight=\"0\" scrolling=\"no\"><\/iframe>\n<\/div><\/figure>\n\n\n\n<p class=\"wp-block-paragraph\"><\/p>\n\n\n\n<figure class=\"wp-block-embed is-type-wp-embed is-provider-contenu-embarqu wp-block-embed-contenu-embarqu\"><div class=\"wp-block-embed__wrapper\">\n<blockquote class=\"wp-embedded-content\" data-secret=\"SCljF2prte\"><a href=\"https:\/\/gregoryderville.com\/index.php\/2023\/08\/16\/recolte-2023-15-kilos-de-peches-succulentes-sur-un-seul-arbre\/\">R\u00e9colte 2023: 15 kilos de p\u00eaches succulentes sur un seul arbre!<\/a><\/blockquote><iframe loading=\"lazy\" class=\"wp-embedded-content\" sandbox=\"allow-scripts\" security=\"restricted\" style=\"position: absolute; visibility: hidden;\" title=\"\u00ab\u00a0R\u00e9colte 2023: 15 kilos de p\u00eaches succulentes sur un seul arbre!\u00a0\u00bb \u2014 \" src=\"https:\/\/gregoryderville.com\/index.php\/2023\/08\/16\/recolte-2023-15-kilos-de-peches-succulentes-sur-un-seul-arbre\/embed\/#?secret=wAVDdImaRW#?secret=SCljF2prte\" data-secret=\"SCljF2prte\" width=\"600\" height=\"338\" frameborder=\"0\" marginwidth=\"0\" marginheight=\"0\" scrolling=\"no\"><\/iframe>\n<\/div><\/figure>\n\n\n\n<p class=\"wp-block-paragraph\"><\/p>\n\n\n\n<figure class=\"wp-block-embed is-type-wp-embed is-provider-contenu-embarqu wp-block-embed-contenu-embarqu\"><div class=\"wp-block-embed__wrapper\">\n<blockquote class=\"wp-embedded-content\" data-secret=\"GTLWT71oPp\"><a href=\"https:\/\/gregoryderville.com\/index.php\/2023\/07\/06\/les-feves-un-legumes-tres-utile-au-jardin-et-dans-lassiette\/\">Les f\u00e8ves, un l\u00e9gumes tr\u00e8s utile au jardin et dans l&rsquo;assiette<\/a><\/blockquote><iframe loading=\"lazy\" class=\"wp-embedded-content\" sandbox=\"allow-scripts\" security=\"restricted\" style=\"position: absolute; visibility: hidden;\" title=\"\u00ab\u00a0Les f\u00e8ves, un l\u00e9gumes tr\u00e8s utile au jardin et dans l\u2019assiette\u00a0\u00bb \u2014 \" src=\"https:\/\/gregoryderville.com\/index.php\/2023\/07\/06\/les-feves-un-legumes-tres-utile-au-jardin-et-dans-lassiette\/embed\/#?secret=suRpY2ncfy#?secret=GTLWT71oPp\" data-secret=\"GTLWT71oPp\" width=\"600\" height=\"338\" frameborder=\"0\" marginwidth=\"0\" marginheight=\"0\" scrolling=\"no\"><\/iframe>\n<\/div><\/figure>\n\n\n\n<p class=\"wp-block-paragraph\"><\/p>\n\n\n\n<figure class=\"wp-block-embed is-type-wp-embed is-provider-contenu-embarqu wp-block-embed-contenu-embarqu\"><div class=\"wp-block-embed__wrapper\">\n<blockquote class=\"wp-embedded-content\" data-secret=\"AashroeVYj\"><a href=\"https:\/\/gregoryderville.com\/index.php\/2023\/08\/13\/ca-y-est-ca-recommence-je-croule-sous-les-framboises\/\">\u00c7a y est, \u00e7a recommence, je croule sous les framboises<\/a><\/blockquote><iframe loading=\"lazy\" class=\"wp-embedded-content\" sandbox=\"allow-scripts\" security=\"restricted\" style=\"position: absolute; visibility: hidden;\" title=\"\u00ab\u00a0\u00c7a y est, \u00e7a recommence, je croule sous les framboises\u00a0\u00bb \u2014 \" src=\"https:\/\/gregoryderville.com\/index.php\/2023\/08\/13\/ca-y-est-ca-recommence-je-croule-sous-les-framboises\/embed\/#?secret=Mp47KTfw1o#?secret=AashroeVYj\" data-secret=\"AashroeVYj\" width=\"600\" height=\"338\" frameborder=\"0\" marginwidth=\"0\" marginheight=\"0\" scrolling=\"no\"><\/iframe>\n<\/div><\/figure>\n\n\n\n<p class=\"wp-block-paragraph\"><\/p>\n\n\n\n<figure class=\"wp-block-embed is-type-wp-embed is-provider-contenu-embarqu wp-block-embed-contenu-embarqu\"><div class=\"wp-block-embed__wrapper\">\n<blockquote class=\"wp-embedded-content\" data-secret=\"0CXWkEHbI3\"><a href=\"https:\/\/gregoryderville.com\/index.php\/2023\/06\/10\/800-grammes-de-groseilles-rouges-sur-un-seul-pied\/\">800 grammes de groseilles rouges, sur un seul pied!<\/a><\/blockquote><iframe loading=\"lazy\" class=\"wp-embedded-content\" sandbox=\"allow-scripts\" security=\"restricted\" style=\"position: absolute; visibility: hidden;\" title=\"\u00ab\u00a0800 grammes de groseilles rouges, sur un seul pied!\u00a0\u00bb \u2014 \" src=\"https:\/\/gregoryderville.com\/index.php\/2023\/06\/10\/800-grammes-de-groseilles-rouges-sur-un-seul-pied\/embed\/#?secret=dZIbTsvP1H#?secret=0CXWkEHbI3\" data-secret=\"0CXWkEHbI3\" width=\"600\" height=\"338\" frameborder=\"0\" marginwidth=\"0\" marginheight=\"0\" scrolling=\"no\"><\/iframe>\n<\/div><\/figure>\n\n\n\n<p class=\"wp-block-paragraph\"><\/p>\n\n\n\n<figure class=\"wp-block-embed is-type-wp-embed is-provider-contenu-embarqu wp-block-embed-contenu-embarqu\"><div class=\"wp-block-embed__wrapper\">\n<blockquote class=\"wp-embedded-content\" data-secret=\"qBQGy6uAdJ\"><a href=\"https:\/\/gregoryderville.com\/index.php\/2023\/07\/04\/les-framboises-black-jewel\/\">Les framboises Black Jewel<\/a><\/blockquote><iframe loading=\"lazy\" class=\"wp-embedded-content\" sandbox=\"allow-scripts\" security=\"restricted\" style=\"position: absolute; visibility: hidden;\" title=\"\u00ab\u00a0Les framboises Black Jewel\u00a0\u00bb \u2014 \" src=\"https:\/\/gregoryderville.com\/index.php\/2023\/07\/04\/les-framboises-black-jewel\/embed\/#?secret=Aa0CovmzOV#?secret=qBQGy6uAdJ\" data-secret=\"qBQGy6uAdJ\" width=\"600\" height=\"338\" frameborder=\"0\" marginwidth=\"0\" marginheight=\"0\" scrolling=\"no\"><\/iframe>\n<\/div><\/figure>\n\n\n\n<p class=\"wp-block-paragraph\"><\/p>\n\n\n\n<figure class=\"wp-block-embed is-type-wp-embed is-provider-contenu-embarqu wp-block-embed-contenu-embarqu\"><div class=\"wp-block-embed__wrapper\">\n<blockquote class=\"wp-embedded-content\" data-secret=\"3kAtidRe84\"><a href=\"https:\/\/gregoryderville.com\/index.php\/2022\/10\/28\/le-chou-petai-lun-de-mes-choux-preferes\/\">Le chou Petsa\u00ef, l&rsquo;un de mes choux pr\u00e9f\u00e9r\u00e9s<\/a><\/blockquote><iframe loading=\"lazy\" class=\"wp-embedded-content\" sandbox=\"allow-scripts\" security=\"restricted\" style=\"position: absolute; visibility: hidden;\" title=\"\u00ab\u00a0Le chou Petsa\u00ef, l\u2019un de mes choux pr\u00e9f\u00e9r\u00e9s\u00a0\u00bb \u2014 \" src=\"https:\/\/gregoryderville.com\/index.php\/2022\/10\/28\/le-chou-petai-lun-de-mes-choux-preferes\/embed\/#?secret=R8AcS3Dly7#?secret=3kAtidRe84\" data-secret=\"3kAtidRe84\" width=\"600\" height=\"338\" frameborder=\"0\" marginwidth=\"0\" marginheight=\"0\" scrolling=\"no\"><\/iframe>\n<\/div><\/figure>\n\n\n\n<p class=\"wp-block-paragraph\"><\/p>\n\n\n\n<p class=\"wp-block-paragraph\"><\/p>\n\n\n\n<figure class=\"wp-block-embed is-type-wp-embed is-provider-contenu-embarqu wp-block-embed-contenu-embarqu\"><div class=\"wp-block-embed__wrapper\">\n<blockquote class=\"wp-embedded-content\" data-secret=\"WZ8CCrlXw5\"><a href=\"https:\/\/gregoryderville.com\/index.php\/2022\/08\/22\/la-recolte-2013-de-tomates-un-tres-bon-cru\/\">La r\u00e9colte 2022 de tomates, un tr\u00e8s bon cru<\/a><\/blockquote><iframe loading=\"lazy\" class=\"wp-embedded-content\" sandbox=\"allow-scripts\" security=\"restricted\" style=\"position: absolute; visibility: hidden;\" title=\"\u00ab\u00a0La r\u00e9colte 2022 de tomates, un tr\u00e8s bon cru\u00a0\u00bb \u2014 \" src=\"https:\/\/gregoryderville.com\/index.php\/2022\/08\/22\/la-recolte-2013-de-tomates-un-tres-bon-cru\/embed\/#?secret=oBDqRWpeFm#?secret=WZ8CCrlXw5\" data-secret=\"WZ8CCrlXw5\" width=\"600\" height=\"338\" frameborder=\"0\" marginwidth=\"0\" marginheight=\"0\" scrolling=\"no\"><\/iframe>\n<\/div><\/figure>\n\n\n\n<p class=\"wp-block-paragraph\"><\/p>\n\n\n\n<figure class=\"wp-block-embed is-type-wp-embed is-provider-contenu-embarqu wp-block-embed-contenu-embarqu\"><div class=\"wp-block-embed__wrapper\">\n<blockquote class=\"wp-embedded-content\" data-secret=\"1RGjvya8Ik\"><a href=\"https:\/\/gregoryderville.com\/index.php\/2021\/09\/05\/les-quatre-ages-de-la-vie-dune-rhubarbe\/\">Les quatre \u00e2ges de la vie d&rsquo;une rhubarbe<\/a><\/blockquote><iframe loading=\"lazy\" class=\"wp-embedded-content\" sandbox=\"allow-scripts\" security=\"restricted\" style=\"position: absolute; visibility: hidden;\" title=\"\u00ab\u00a0Les quatre \u00e2ges de la vie d\u2019une rhubarbe\u00a0\u00bb \u2014 \" src=\"https:\/\/gregoryderville.com\/index.php\/2021\/09\/05\/les-quatre-ages-de-la-vie-dune-rhubarbe\/embed\/#?secret=AK946mfQSl#?secret=1RGjvya8Ik\" data-secret=\"1RGjvya8Ik\" width=\"600\" height=\"338\" frameborder=\"0\" marginwidth=\"0\" marginheight=\"0\" scrolling=\"no\"><\/iframe>\n<\/div><\/figure>\n\n\n\n<p class=\"wp-block-paragraph\"><\/p>\n\n\n\n<figure class=\"wp-block-embed is-type-wp-embed is-provider-contenu-embarqu wp-block-embed-contenu-embarqu\"><div class=\"wp-block-embed__wrapper\">\n<blockquote class=\"wp-embedded-content\" data-secret=\"9n1X0P5Nnl\"><a href=\"https:\/\/gregoryderville.com\/index.php\/2021\/09\/02\/jardin-2021-une-annee-assez-exceptionnelle\/\">Jardin 2021: une ann\u00e9e assez exceptionnelle<\/a><\/blockquote><iframe loading=\"lazy\" class=\"wp-embedded-content\" sandbox=\"allow-scripts\" security=\"restricted\" style=\"position: absolute; visibility: hidden;\" title=\"\u00ab\u00a0Jardin 2021: une ann\u00e9e assez exceptionnelle\u00a0\u00bb \u2014 \" src=\"https:\/\/gregoryderville.com\/index.php\/2021\/09\/02\/jardin-2021-une-annee-assez-exceptionnelle\/embed\/#?secret=egQBRx3YMD#?secret=9n1X0P5Nnl\" data-secret=\"9n1X0P5Nnl\" width=\"600\" height=\"338\" frameborder=\"0\" marginwidth=\"0\" marginheight=\"0\" scrolling=\"no\"><\/iframe>\n<\/div><\/figure>\n\n\n\n<p class=\"wp-block-paragraph\"><\/p>\n\n\n\n<figure class=\"wp-block-embed is-type-wp-embed is-provider-contenu-embarqu wp-block-embed-contenu-embarqu\"><div class=\"wp-block-embed__wrapper\">\n<blockquote class=\"wp-embedded-content\" data-secret=\"RLHUfSOHPi\"><a href=\"https:\/\/gregoryderville.com\/index.php\/2021\/09\/20\/le-haricot-borlotto-un-incontournable-au-jardin-surtout-pour-une-alimentation-vegetalisee\/\">Le haricot Borlotto, un incontournable au jardin (surtout pour une alimentation v\u00e9g\u00e9talis\u00e9e)<\/a><\/blockquote><iframe loading=\"lazy\" class=\"wp-embedded-content\" sandbox=\"allow-scripts\" security=\"restricted\" style=\"position: absolute; visibility: hidden;\" title=\"\u00ab\u00a0Le haricot Borlotto, un incontournable au jardin (surtout pour une alimentation v\u00e9g\u00e9talis\u00e9e)\u00a0\u00bb \u2014 \" src=\"https:\/\/gregoryderville.com\/index.php\/2021\/09\/20\/le-haricot-borlotto-un-incontournable-au-jardin-surtout-pour-une-alimentation-vegetalisee\/embed\/#?secret=tQH33MLXYD#?secret=RLHUfSOHPi\" data-secret=\"RLHUfSOHPi\" width=\"600\" height=\"338\" frameborder=\"0\" marginwidth=\"0\" marginheight=\"0\" scrolling=\"no\"><\/iframe>\n<\/div><\/figure>\n\n\n\n<p class=\"wp-block-paragraph\"><\/p>\n\n\n\n<figure class=\"wp-block-embed is-type-wp-embed is-provider-contenu-embarqu wp-block-embed-contenu-embarqu\"><div class=\"wp-block-embed__wrapper\">\n<blockquote class=\"wp-embedded-content\" data-secret=\"Rbli4iHuFV\"><a href=\"https:\/\/gregoryderville.com\/index.php\/2021\/07\/21\/plus-de-6-kilos-de-cassis-recoltes-cette-annee\/\">Plus de 6 kilos de cassis r\u00e9colt\u00e9s cette ann\u00e9e&#8230;<\/a><\/blockquote><iframe loading=\"lazy\" class=\"wp-embedded-content\" sandbox=\"allow-scripts\" security=\"restricted\" style=\"position: absolute; visibility: hidden;\" title=\"\u00ab\u00a0Plus de 6 kilos de cassis r\u00e9colt\u00e9s cette ann\u00e9e\u2026\u00a0\u00bb \u2014 \" src=\"https:\/\/gregoryderville.com\/index.php\/2021\/07\/21\/plus-de-6-kilos-de-cassis-recoltes-cette-annee\/embed\/#?secret=q7YDyGW0fb#?secret=Rbli4iHuFV\" data-secret=\"Rbli4iHuFV\" width=\"600\" height=\"338\" frameborder=\"0\" marginwidth=\"0\" marginheight=\"0\" scrolling=\"no\"><\/iframe>\n<\/div><\/figure>\n\n\n\n<p class=\"wp-block-paragraph\"><\/p>\n\n\n\n<figure class=\"wp-block-embed is-type-wp-embed is-provider-contenu-embarqu wp-block-embed-contenu-embarqu\"><div class=\"wp-block-embed__wrapper\">\n<blockquote class=\"wp-embedded-content\" data-secret=\"DlXKDdJUxf\"><a href=\"https:\/\/gregoryderville.com\/index.php\/2021\/07\/04\/6-kilos-de-petits-pois-et-le-travail-en-amont\/\">6 kilos de petits pois&#8230; et le travail en amont<\/a><\/blockquote><iframe loading=\"lazy\" class=\"wp-embedded-content\" sandbox=\"allow-scripts\" security=\"restricted\" style=\"position: absolute; visibility: hidden;\" title=\"\u00ab\u00a06 kilos de petits pois\u2026 et le travail en amont\u00a0\u00bb \u2014 \" src=\"https:\/\/gregoryderville.com\/index.php\/2021\/07\/04\/6-kilos-de-petits-pois-et-le-travail-en-amont\/embed\/#?secret=cwSBWnCuWj#?secret=DlXKDdJUxf\" data-secret=\"DlXKDdJUxf\" width=\"600\" height=\"338\" frameborder=\"0\" marginwidth=\"0\" marginheight=\"0\" scrolling=\"no\"><\/iframe>\n<\/div><\/figure>\n<!-- templates\/buttons-placeholder.php -->\n<div class=\"da-reactions-outer TpageID307\">\n\t    <div class=\"da-reactions-data da-reactions-container-async center\"\n         data-type=\"page\"\n         data-id=\"307\"\n         id=\"da-reactions-slot-page-307\">\n        <div class=\"da-reactions-exposed\">\n\t\t\t<img src=\"https:\/\/gregoryderville.com\/wp-content\/plugins\/da-reactions\/assets\/dist\/loading.svg\" alt=\"Loading spinner\" width=\"64\" height=\"64\" \/>\n        <\/div>\n    <\/div>\n<\/div>\n","protected":false},"excerpt":{"rendered":"<p>\u00ab\u00a0Ce coin perdu, j\u2019en ai fait un endroit riant et civilis\u00e9. Le sais-tu ? Dans trois ou quatre cents ans, toute la terre se transformera en bois fleuri et la&hellip;<a href=\"https:\/\/gregoryderville.com\/index.php\/recoltes\/\" class=\"more-link\"><span class=\"more-button\">Continue reading<span class=\"screen-reader-text\">Jardin &amp; verger (articles)<\/span><\/span><\/a><\/p>\n<!-- templates\/buttons-placeholder.php -->\n<div class=\"da-reactions-outer TpageID307\">\n\t    <div class=\"da-reactions-data da-reactions-container-async center\"\n         data-type=\"page\"\n         data-id=\"307\"\n         id=\"da-reactions-slot-page-307\">\n        <div class=\"da-reactions-exposed\">\n\t\t\t<img src=\"https:\/\/gregoryderville.com\/wp-content\/plugins\/da-reactions\/assets\/dist\/loading.svg\" alt=\"Loading spinner\" width=\"64\" height=\"64\" \/>\n        <\/div>\n    <\/div>\n<\/div>\n","protected":false},"author":1,"featured_media":8405,"parent":0,"menu_order":0,"comment_status":"closed","ping_status":"closed","template":"","meta":{"footnotes":""},"class_list":["post-307","page","type-page","status-publish","has-post-thumbnail","hentry"],"_links":{"self":[{"href":"https:\/\/gregoryderville.com\/index.php\/wp-json\/wp\/v2\/pages\/307","targetHints":{"allow":["GET"]}}],"collection":[{"href":"https:\/\/gregoryderville.com\/index.php\/wp-json\/wp\/v2\/pages"}],"about":[{"href":"https:\/\/gregoryderville.com\/index.php\/wp-json\/wp\/v2\/types\/page"}],"author":[{"embeddable":true,"href":"https:\/\/gregoryderville.com\/index.php\/wp-json\/wp\/v2\/users\/1"}],"replies":[{"embeddable":true,"href":"https:\/\/gregoryderville.com\/index.php\/wp-json\/wp\/v2\/comments?post=307"}],"version-history":[{"count":65,"href":"https:\/\/gregoryderville.com\/index.php\/wp-json\/wp\/v2\/pages\/307\/revisions"}],"predecessor-version":[{"id":18173,"href":"https:\/\/gregoryderville.com\/index.php\/wp-json\/wp\/v2\/pages\/307\/revisions\/18173"}],"wp:featuredmedia":[{"embeddable":true,"href":"https:\/\/gregoryderville.com\/index.php\/wp-json\/wp\/v2\/media\/8405"}],"wp:attachment":[{"href":"https:\/\/gregoryderville.com\/index.php\/wp-json\/wp\/v2\/media?parent=307"}],"curies":[{"name":"wp","href":"https:\/\/api.w.org\/{rel}","templated":true}]}}