{"id":3508,"date":"2021-10-30T00:24:57","date_gmt":"2021-10-29T22:24:57","guid":{"rendered":"https:\/\/gregoryderville.com\/?page_id=3508"},"modified":"2025-02-18T15:36:08","modified_gmt":"2025-02-18T14:36:08","slug":"une-annee-en-musique-30-octobre-2020-29-octobre-2021","status":"publish","type":"page","link":"https:\/\/gregoryderville.com\/index.php\/une-annee-en-musique-30-octobre-2020-29-octobre-2021\/","title":{"rendered":"Une ann\u00e9e en musique (30 octobre 2020 \/ 29 octobre 2021)"},"content":{"rendered":"\n<p><\/p>\n\n\n\n<p>Pendant un an, entre le 30 octobre 2020 et hier, j&rsquo;ai partag\u00e9 chaque soir sur le r\u00e9seau au pouce bleu un morceau de musique, dans un joyeux m\u00e9lange de genres (classique, jazz, rock ind\u00e9, pop, chanson fran\u00e7aise, dance, ambient\u2026), et cela a donn\u00e9 une playlist de 365 titres.<\/p>\n\n\n\n<p>Cette liste ne rassemble pas tous mes morceaux pr\u00e9f\u00e9r\u00e9s, et encore moins ceux qui ont le plus de valeur artistique \u00e0 mes yeux.<\/p>\n\n\n\n<p>J&rsquo;ai plut\u00f4t choisi les morceaux qui me parlent le plus, qui ont le plus de sens pour moi, parce qu&rsquo;ils m&rsquo;\u00e9voquent ou ils me relient le plus \u00e0 des personnes que j&rsquo;aime, \u00e0 des choses qui me plaisent, \u00e0 mes souvenirs qui me sont chers, \u00e0 des \u00e9motions, \u00e0 des pens\u00e9es, \u00e0 des lieux ou \u00e0 des activit\u00e9s qui ont compt\u00e9 ou qui comptent pour moi, qui me nourrissent, qui me font du bien\u2026<\/p>\n\n\n\n<p>Et puis la composition de cette playlist a aussi d\u00e9pendu des circonstances, du va et vient des \u00e9v\u00e9nements, de l&rsquo;actualit\u00e9 et de ma vie personnelle, de la m\u00e9t\u00e9o int\u00e9rieure et ext\u00e9rieure, du lieu o\u00f9 je me trouvais, des \u00e9changes que j&rsquo;avais dans la vraie vie, au t\u00e9l\u00e9phone ou par messagerie. Il m&rsquo;est aussi arriv\u00e9 de choisir un titre pour envoyer un message \u00e0 une personne, comme un hug ou un clin d&rsquo;oeil secret.<\/p>\n\n\n\n<p>Bref, ce n&rsquo;est pas le TOP 365 de mes titres pr\u00e9f\u00e9r\u00e9s, mais plut\u00f4t une esp\u00e8ce d&rsquo;anthologie toute personnelle, qui donne une id\u00e9e de qui je suis \u00e0 ce moment de ma vie, et que j&rsquo;ai chaque soir compos\u00e9e et comment\u00e9e en pensant \u00e0 ce que j&rsquo;ai envie de transmettre de moi-m\u00eame \u00e0 mes deux enfants Dorian et Aurore.<\/p>\n\n\n\n<p>J&rsquo;ai commenc\u00e9 cette playlist car j&rsquo;anticipais que le temps me para\u00eetrait bien long pendant le deuxi\u00e8me confinement, que j&rsquo;allais passer seul dans ma maison de la campagne limousine, \u00e0 des centaines de kilom\u00e8tres de tous mes proches. Je savais que j&rsquo;aurais grandement besoin d&rsquo;\u00e9changes, m\u00eame \u00e0 distance, alors j&rsquo;esp\u00e9rais des discussions enflamm\u00e9es, des conseils d&rsquo;\u00e9coute, des partages d&rsquo;\u00e9motions, des vannes, des private jokes, de nouvelles amiti\u00e9s virtuelles ou dans la vraie vie\u2026<\/p>\n\n\n\n<p>Si j&rsquo;ai continu\u00e9 lorsqu&rsquo;on est pass\u00e9 au couvre-feu, et si j&rsquo;ai alors d\u00e9cid\u00e9 de boucler un cycle de 365 jours, c&rsquo;est parce que le r\u00e9sultat est all\u00e9 au-del\u00e0 de ce que j&rsquo;esp\u00e9rais. Plus vous avez lik\u00e9, plus vous avez comment\u00e9, plus nous avons comment\u00e9, et plus cela a \u00e9gay\u00e9 mes soir\u00e9es.<\/p>\n\n\n\n<p>Et puis j&rsquo;ai d\u00e9couvert que j&rsquo;aimais beaucoup composer cette playlist, choisir des morceaux, \u00e9crire des commentaires, me documenter pour compl\u00e9ter mes connaissances, mes souvenirs et mes impressions\u2026 C&rsquo;est ainsi que les textes sont devenus de plus en plus longs, d\u00e9taill\u00e9s, illustr\u00e9s d&rsquo;informations et d&rsquo;anecdotes.<\/p>\n\n\n\n<p>Il en r\u00e9sulte une vraie aventure, que j&rsquo;ai travers\u00e9e avec beaucoup de plaisir et d&rsquo;ardeur. Alors du fond du coeur (et ce n&rsquo;est pas une figure de style), je vous adresse un immense merci, \u00e0 vous toutes et tous, mes ami(e)s qui avez contribu\u00e9 activement.<\/p>\n\n\n\n<p>Ces rendez-vous quotidiens avec vous vont me manquer&#8230;  [EDIT: \u00e7a m&rsquo;a tellement manqu\u00e9&#8230; que j&rsquo;ai continu\u00e9 \u00e0 \u00e9crire et \u00e0 publier d&rsquo;autres chroniques!]<\/p>\n\n\n\n<p>***<\/p>\n\n\n\n<p>Une fois l&rsquo;ann\u00e9e termin\u00e9e, j&rsquo;ai mis en page ces chroniques musicales en y ins\u00e9rant des photos, des citations et des commentaires de l&rsquo;actualit\u00e9, et j&rsquo;ai fait imprimer le manuscrit pour l&rsquo;offrir \u00e0 mes proches, notamment \u00e0 mes enfants.<\/p>\n\n\n\n<p>Et voil\u00e0 le r\u00e9sultat, imprim\u00e9 par <a href=\"https:\/\/www.facebook.com\/GroupeCorlet?__cft__[0]=AZVxgh6GKlp4z7up31_bTIXFn8ZhB8zdD3WFF6tgmw3BhmnzrmDoWRB2k0i2lkBK4SjKDtKMjGGGngnKm_E3V9s20yV55njJ6kywfVDkNTE2LNBl0YM_L--upWhG-P-iV59A7bbqInbmzv-qTV_MNlgac3Jev1DB2If5fz_O3561jA&amp;__tn__=-]K-R\">Corlet Imprimeur 360<\/a>, qui a \u00e9galement produit mes deux livres parus chez Terre vivante. Si vous cherchez un imprimeur s\u00e9rieux, je vous le conseille \u00e0 100%, car j&rsquo;ai rarement eu une exp\u00e9rience aussi positive en tant que client. Le r\u00e9sultat que j&rsquo;ai en mains est totalement conforme \u00e0 ce que j&rsquo;esp\u00e9rais, et le SAV est au-del\u00e0 du parfait. Merci!!!<\/p>\n\n\n\n<p><\/p>\n\n\n<div class=\"wp-block-image\">\n<figure class=\"aligncenter size-full\"><img loading=\"lazy\" decoding=\"async\" width=\"900\" height=\"900\" src=\"https:\/\/gregoryderville.com\/wp-content\/uploads\/2025\/02\/corlet-2.jpg\" alt=\"\" class=\"wp-image-3897\" srcset=\"https:\/\/gregoryderville.com\/wp-content\/uploads\/2025\/02\/corlet-2.jpg 900w, https:\/\/gregoryderville.com\/wp-content\/uploads\/2025\/02\/corlet-2-300x300.jpg 300w, https:\/\/gregoryderville.com\/wp-content\/uploads\/2025\/02\/corlet-2-150x150.jpg 150w, https:\/\/gregoryderville.com\/wp-content\/uploads\/2025\/02\/corlet-2-768x768.jpg 768w, https:\/\/gregoryderville.com\/wp-content\/uploads\/2025\/02\/corlet-2-620x620.jpg 620w, https:\/\/gregoryderville.com\/wp-content\/uploads\/2025\/02\/corlet-2-600x600.jpg 600w, https:\/\/gregoryderville.com\/wp-content\/uploads\/2025\/02\/corlet-2-400x400.jpg 400w\" sizes=\"auto, (max-width: 900px) 100vw, 900px\" \/><\/figure>\n<\/div>","protected":false},"excerpt":{"rendered":"<p>Pendant un an, entre le 30 octobre 2020 et hier, j&rsquo;ai partag\u00e9 chaque soir sur le r\u00e9seau au pouce bleu un morceau de musique, dans un joyeux m\u00e9lange de genres&hellip;<a href=\"https:\/\/gregoryderville.com\/index.php\/une-annee-en-musique-30-octobre-2020-29-octobre-2021\/\" class=\"more-link\"><span class=\"more-button\">Continue reading<span class=\"screen-reader-text\">Une ann\u00e9e en musique (30 octobre 2020 \/ 29 octobre 2021)<\/span><\/span><\/a><\/p>\n","protected":false},"author":1,"featured_media":3896,"parent":0,"menu_order":0,"comment_status":"closed","ping_status":"closed","template":"","meta":{"footnotes":""},"class_list":["post-3508","page","type-page","status-publish","has-post-thumbnail","hentry"],"_links":{"self":[{"href":"https:\/\/gregoryderville.com\/index.php\/wp-json\/wp\/v2\/pages\/3508","targetHints":{"allow":["GET"]}}],"collection":[{"href":"https:\/\/gregoryderville.com\/index.php\/wp-json\/wp\/v2\/pages"}],"about":[{"href":"https:\/\/gregoryderville.com\/index.php\/wp-json\/wp\/v2\/types\/page"}],"author":[{"embeddable":true,"href":"https:\/\/gregoryderville.com\/index.php\/wp-json\/wp\/v2\/users\/1"}],"replies":[{"embeddable":true,"href":"https:\/\/gregoryderville.com\/index.php\/wp-json\/wp\/v2\/comments?post=3508"}],"version-history":[{"count":4,"href":"https:\/\/gregoryderville.com\/index.php\/wp-json\/wp\/v2\/pages\/3508\/revisions"}],"predecessor-version":[{"id":4699,"href":"https:\/\/gregoryderville.com\/index.php\/wp-json\/wp\/v2\/pages\/3508\/revisions\/4699"}],"wp:featuredmedia":[{"embeddable":true,"href":"https:\/\/gregoryderville.com\/index.php\/wp-json\/wp\/v2\/media\/3896"}],"wp:attachment":[{"href":"https:\/\/gregoryderville.com\/index.php\/wp-json\/wp\/v2\/media?parent=3508"}],"curies":[{"name":"wp","href":"https:\/\/api.w.org\/{rel}","templated":true}]}}